{"id":957,"date":"2024-11-08T13:41:22","date_gmt":"2024-11-08T12:41:22","guid":{"rendered":"https:\/\/chantalsanmiguel.ch\/blog\/"},"modified":"2026-04-28T23:54:58","modified_gmt":"2026-04-28T21:54:58","slug":"blog","status":"publish","type":"page","link":"https:\/\/chantalsanmiguel.ch\/de\/blog\/","title":{"rendered":"Blog"},"content":{"rendered":"<p>[et_pb_section fb_built=&#8220;1&#8243; _builder_version=&#8220;4.27.4&#8243; _module_preset=&#8220;default&#8220; background_color=&#8220;gcid-secondary-color&#8220; custom_padding=&#8220;26px|||||&#8220; global_colors_info=&#8220;{%22gcid-secondary-color%22:%91%22background_color%22%93}&#8220;][et_pb_row _builder_version=&#8220;4.27.4&#8243; _module_preset=&#8220;default&#8220; global_colors_info=&#8220;{}&#8220;][et_pb_column type=&#8220;4_4&#8243; _builder_version=&#8220;4.27.4&#8243; _module_preset=&#8220;default&#8220; global_colors_info=&#8220;{}&#8220;][et_pb_text _builder_version=&#8220;4.27.6&#8243; _module_preset=&#8220;5605408f-52b6-4ff6-a1c5-f35e68d20bbf&#8220; text_font_size=&#8220;60px&#8220; text_orientation=&#8220;center&#8220; hover_enabled=&#8220;0&#8243; sticky_enabled=&#8220;0&#8243;]Neurosparkle.ch Blog[\/et_pb_text][et_pb_text _builder_version=&#8220;4.27.6&#8243; _module_preset=&#8220;default&#8220; hover_enabled=&#8220;0&#8243; global_colors_info=&#8220;{}&#8220; sticky_enabled=&#8220;0&#8243;]Willkommen in meinem Blog. <\/p>\n<p>Dies ist ein Raum, in dem ich Einblicke zu Neurodiversit\u00e4t, ADHS und Autismus teile, f\u00fcr Menschen, die neu diagnostiziert wurden, jemanden im nahen Umfeld unterst\u00fctzen oder diese Themen besser verstehen m\u00f6chten. <\/p>\n<p>Ich besch\u00e4ftige mich h\u00e4ufig damit, was es bedeutet, an der Schnittstelle von ADHS und Autismus zu leben, sowohl pers\u00f6nlich als auch beruflich, eine Perspektive, die ich \u201eADHS, Autismus &amp; ich\u201c nenne. [\/et_pb_text][\/et_pb_column][\/et_pb_row][\/et_pb_section][et_pb_section fb_built=&#8220;1&#8243; _builder_version=&#8220;4.27.4&#8243; _module_preset=&#8220;default&#8220; background_color=&#8220;gcid-secondary-color&#8220; custom_margin=&#8220;-81px|||||&#8220; custom_padding=&#8220;27px|||||&#8220; global_colors_info=&#8220;{%22gcid-secondary-color%22:%91%22background_color%22%93}&#8220;][et_pb_row _builder_version=&#8220;4.27.4&#8243; _module_preset=&#8220;default&#8220; width=&#8220;100%&#8220; max_width=&#8220;70%&#8220; global_colors_info=&#8220;{}&#8220;][et_pb_column type=&#8220;4_4&#8243; _builder_version=&#8220;4.27.4&#8243; _module_preset=&#8220;default&#8220; global_colors_info=&#8220;{}&#8220;][et_pb_blog posts_number=&#8220;1&#8243; include_categories=&#8220;all&#8220; meta_date=&#8220;j. M Y&#8220; excerpt_length=&#8220;250&#8243; show_more=&#8220;on&#8220; show_categories=&#8220;off&#8220; disabled_on=&#8220;off|off|off&#8220; _builder_version=&#8220;4.27.4&#8243; _module_preset=&#8220;default&#8220; header_text_align=&#8220;center&#8220; header_text_color=&#8220;gcid-body-color&#8220; header_font_size=&#8220;25px&#8220; header_line_height=&#8220;1.5em&#8220; body_text_color=&#8220;gcid-body-color&#8220; meta_text_color=&#8220;gcid-8a1dd42b-8e09-47a5-8d18-cfa85b28c2f4&#8243; read_more_text_color=&#8220;gcid-8a1dd42b-8e09-47a5-8d18-cfa85b28c2f4&#8243; pagination_text_color=&#8220;gcid-8a1dd42b-8e09-47a5-8d18-cfa85b28c2f4&#8243; text_orientation=&#8220;center&#8220; max_width=&#8220;750px&#8220; module_alignment=&#8220;center&#8220; link_option_url_new_window=&#8220;on&#8220; border_color_all_fullwidth=&#8220;#000000&#8243; global_colors_info=&#8220;{%22gcid-8a1dd42b-8e09-47a5-8d18-cfa85b28c2f4%22:%91%22read_more_text_color%22,%22pagination_text_color%22,%22meta_text_color%22%93,%22gcid-body-color%22:%91%22header_text_color%22,%22body_text_color%22%93}&#8220;][\/et_pb_blog][et_pb_blog fullwidth=&#8220;off&#8220; posts_number=&#8220;50&#8243; excerpt_length=&#8220;0&#8243; show_categories=&#8220;off&#8220; offset_number=&#8220;1&#8243; disabled_on=&#8220;off|off|off&#8220; _builder_version=&#8220;4.27.4&#8243; _module_preset=&#8220;default&#8220; header_text_color=&#8220;gcid-body-color&#8220; meta_text_color=&#8220;gcid-8a1dd42b-8e09-47a5-8d18-cfa85b28c2f4&#8243; global_colors_info=&#8220;{%22gcid-body-color%22:%91%22header_text_color%22%93,%22gcid-8a1dd42b-8e09-47a5-8d18-cfa85b28c2f4%22:%91%22meta_text_color%22%93}&#8220;][\/et_pb_blog][\/et_pb_column][\/et_pb_row][\/et_pb_section][et_pb_section fb_built=&#8220;1&#8243; disabled_on=&#8220;off|off|off&#8220; _builder_version=&#8220;4.27.6&#8243; _module_preset=&#8220;default&#8220; background_color=&#8220;gcid-711ea5df-9cc8-42ff-a17f-4a6edcff71de&#8220; global_colors_info=&#8220;{%22gcid-711ea5df-9cc8-42ff-a17f-4a6edcff71de%22:%91%22background_color%22%93}&#8220;][et_pb_row _builder_version=&#8220;4.27.4&#8243; _module_preset=&#8220;default&#8220; width=&#8220;100%&#8220; max_width=&#8220;60%&#8220; custom_margin=&#8220;||64px||false|false&#8220; global_colors_info=&#8220;{}&#8220;][et_pb_column type=&#8220;4_4&#8243; _builder_version=&#8220;4.27.4&#8243; _module_preset=&#8220;default&#8220; global_colors_info=&#8220;{}&#8220;][et_pb_code _builder_version=&#8220;4.27.4&#8243; _module_preset=&#8220;default&#8220; global_colors_info=&#8220;{}&#8220;]<\/p>\n<div id=\"formContentId\"><\/div>\n<p><!-- [et_pb_line_break_holder] --><script src=\"https:\/\/api.mailxpert.ch\/forms.js\"><\/script><!-- [et_pb_line_break_holder] --><script type=\"text\/javascript\"><!-- [et_pb_line_break_holder] -->    mailxpert.forms.include({<!-- [et_pb_line_break_holder] -->        src: 'https:\/\/web.swissnewsletter.ch\/e\/7e898b262212d350\/de\/form\/75d6655c-38c2-4264-baa1-084bbbf2c9b0.html',<!-- [et_pb_line_break_holder] -->        element: document.getElementById('formContentId'),<!-- [et_pb_line_break_holder] -->        type: 'subscription_form',<!-- [et_pb_line_break_holder] -->    });<!-- [et_pb_line_break_holder] --><\/script>[\/et_pb_code][\/et_pb_column][\/et_pb_row][\/et_pb_section][et_pb_section fb_built=&#8220;1&#8243; _builder_version=&#8220;4.27.4&#8243; _module_preset=&#8220;default&#8220; background_color=&#8220;gcid-secondary-color&#8220; custom_padding=&#8220;0px|||||&#8220; global_colors_info=&#8220;{%22gcid-secondary-color%22:%91%22background_color%22%93}&#8220;][et_pb_row _builder_version=&#8220;4.27.4&#8243; _module_preset=&#8220;default&#8220; global_colors_info=&#8220;{}&#8220;][et_pb_column type=&#8220;4_4&#8243; _builder_version=&#8220;4.27.4&#8243; _module_preset=&#8220;default&#8220; global_colors_info=&#8220;{}&#8220;][et_pb_image src=&#8220;https:\/\/chantalsanmiguel.ch\/wp-content\/uploads\/2025\/01\/Neurosparkle-Picture-Logo-Ivory-Brown.png&#8220; title_text=&#8220;Neurosparkle Bild Logo &#8211; Elfenbein &amp; Braun&#8220; align=&#8220;center&#8220; _builder_version=&#8220;4.27.4&#8243; _module_preset=&#8220;default&#8220; width=&#8220;35%&#8220; global_colors_info=&#8220;{}&#8220;][\/et_pb_image][\/et_pb_column][\/et_pb_row][\/et_pb_section]<\/p>\n","protected":false},"excerpt":{"rendered":"<p>Neurosparkle.ch BlogWillkommen in meinem Blog. Dies ist ein Raum, in dem ich Einblicke zu Neurodiversit\u00e4t, ADHS und Autismus teile, f\u00fcr Menschen, die neu diagnostiziert wurden, jemanden im nahen Umfeld unterst\u00fctzen oder diese Themen besser verstehen m\u00f6chten. Ich besch\u00e4ftige mich h\u00e4ufig damit, was es bedeutet, an der Schnittstelle von ADHS und Autismus zu leben, sowohl pers\u00f6nlich [&hellip;]<\/p>\n","protected":false},"author":1,"featured_media":0,"parent":0,"menu_order":0,"comment_status":"closed","ping_status":"closed","template":"","meta":{"_et_pb_use_builder":"on","_et_pb_old_content":"","_et_gb_content_width":"","footnotes":""},"difl_page_category":[],"class_list":["post-957","page","type-page","status-publish","hentry"],"yoast_head":"<!-- This site is optimized with the Yoast SEO plugin v27.4 - https:\/\/yoast.com\/product\/yoast-seo-wordpress\/ -->\n<title>Blog | Neurodiversit\u00e4t, ADHS &amp; Autismus Einblicke | Neurosparkle<\/title>\n<meta name=\"description\" content=\"Ein Blog \u00fcber Neurodiversit\u00e4t, ADHS, Autismus und AuDHS aus gelebter Erfahrung mit Einblicken und Reflexionen f\u00fcr Einzelpersonen, Familien und Fachpersonen.\" \/>\n<meta name=\"robots\" content=\"index, follow, max-snippet:-1, max-image-preview:large, max-video-preview:-1\" \/>\n<link rel=\"canonical\" href=\"https:\/\/chantalsanmiguel.ch\/de\/blog\/\" \/>\n<meta property=\"og:locale\" content=\"de_DE\" \/>\n<meta property=\"og:type\" content=\"article\" \/>\n<meta property=\"og:title\" content=\"Blog | Neurodiversit\u00e4t, ADHS &amp; Autismus Einblicke | Neurosparkle\" \/>\n<meta property=\"og:description\" content=\"Ein Blog \u00fcber Neurodiversit\u00e4t, ADHS, Autismus und AuDHS aus gelebter Erfahrung mit Einblicken und Reflexionen f\u00fcr Einzelpersonen, Familien und Fachpersonen.\" \/>\n<meta property=\"og:url\" content=\"https:\/\/chantalsanmiguel.ch\/de\/blog\/\" \/>\n<meta property=\"og:site_name\" content=\"Chantal San Miguel\" \/>\n<meta property=\"article:modified_time\" content=\"2026-04-28T21:54:58+00:00\" \/>\n<meta property=\"og:image\" content=\"https:\/\/chantalsanmiguel.ch\/wp-content\/uploads\/2024\/11\/Neurosparkle-Picture-Logo.png\" \/>\n\t<meta property=\"og:image:width\" content=\"500\" \/>\n\t<meta property=\"og:image:height\" content=\"500\" \/>\n\t<meta property=\"og:image:type\" content=\"image\/png\" \/>\n<meta name=\"twitter:card\" content=\"summary_large_image\" \/>\n<meta name=\"twitter:label1\" content=\"Gesch\u00e4tzte Lesezeit\" \/>\n\t<meta name=\"twitter:data1\" content=\"1\u00a0Minute\" \/>\n<script type=\"application\/ld+json\" class=\"yoast-schema-graph\">{\"@context\":\"https:\\\/\\\/schema.org\",\"@graph\":[{\"@type\":\"WebPage\",\"@id\":\"https:\\\/\\\/chantalsanmiguel.ch\\\/de\\\/blog\\\/\",\"url\":\"https:\\\/\\\/chantalsanmiguel.ch\\\/de\\\/blog\\\/\",\"name\":\"Blog | Neurodiversit\u00e4t, ADHS & Autismus Einblicke | Neurosparkle\",\"isPartOf\":{\"@id\":\"https:\\\/\\\/chantalsanmiguel.ch\\\/de\\\/#website\"},\"datePublished\":\"2024-11-08T12:41:22+00:00\",\"dateModified\":\"2026-04-28T21:54:58+00:00\",\"description\":\"Ein Blog \u00fcber Neurodiversit\u00e4t, ADHS, Autismus und AuDHS aus gelebter Erfahrung mit Einblicken und Reflexionen f\u00fcr Einzelpersonen, Familien und Fachpersonen.\",\"breadcrumb\":{\"@id\":\"https:\\\/\\\/chantalsanmiguel.ch\\\/de\\\/blog\\\/#breadcrumb\"},\"inLanguage\":\"de\",\"potentialAction\":[{\"@type\":\"ReadAction\",\"target\":[\"https:\\\/\\\/chantalsanmiguel.ch\\\/de\\\/blog\\\/\"]}]},{\"@type\":\"BreadcrumbList\",\"@id\":\"https:\\\/\\\/chantalsanmiguel.ch\\\/de\\\/blog\\\/#breadcrumb\",\"itemListElement\":[{\"@type\":\"ListItem\",\"position\":1,\"name\":\"Home\",\"item\":\"https:\\\/\\\/chantalsanmiguel.ch\\\/de\\\/home\\\/\"},{\"@type\":\"ListItem\",\"position\":2,\"name\":\"Blog\"}]},{\"@type\":\"WebSite\",\"@id\":\"https:\\\/\\\/chantalsanmiguel.ch\\\/de\\\/#website\",\"url\":\"https:\\\/\\\/chantalsanmiguel.ch\\\/de\\\/\",\"name\":\"Chantal San Miguel\",\"description\":\"Neurodiversity Coaching &amp; Mentoring\",\"publisher\":{\"@id\":\"https:\\\/\\\/chantalsanmiguel.ch\\\/de\\\/#organization\"},\"potentialAction\":[{\"@type\":\"SearchAction\",\"target\":{\"@type\":\"EntryPoint\",\"urlTemplate\":\"https:\\\/\\\/chantalsanmiguel.ch\\\/de\\\/?s={search_term_string}\"},\"query-input\":{\"@type\":\"PropertyValueSpecification\",\"valueRequired\":true,\"valueName\":\"search_term_string\"}}],\"inLanguage\":\"de\"},{\"@type\":\"Organization\",\"@id\":\"https:\\\/\\\/chantalsanmiguel.ch\\\/de\\\/#organization\",\"name\":\"Chantal San Miguel - Neurodiversity Coaching\",\"url\":\"https:\\\/\\\/chantalsanmiguel.ch\\\/de\\\/\",\"logo\":{\"@type\":\"ImageObject\",\"inLanguage\":\"de\",\"@id\":\"https:\\\/\\\/chantalsanmiguel.ch\\\/de\\\/#\\\/schema\\\/logo\\\/image\\\/\",\"url\":\"https:\\\/\\\/chantalsanmiguel.ch\\\/wp-content\\\/uploads\\\/2024\\\/11\\\/Neurosparkle-Picture-Logo.png\",\"contentUrl\":\"https:\\\/\\\/chantalsanmiguel.ch\\\/wp-content\\\/uploads\\\/2024\\\/11\\\/Neurosparkle-Picture-Logo.png\",\"width\":500,\"height\":500,\"caption\":\"Chantal San Miguel - Neurodiversity Coaching\"},\"image\":{\"@id\":\"https:\\\/\\\/chantalsanmiguel.ch\\\/de\\\/#\\\/schema\\\/logo\\\/image\\\/\"},\"sameAs\":[\"https:\\\/\\\/www.instagram.com\\\/neurosparkle.ch\\\/\",\"https:\\\/\\\/www.linkedin.com\\\/in\\\/chantal-san-miguel-8b452411a\\\/\"]}]}<\/script>\n<!-- \/ Yoast SEO plugin. -->","yoast_head_json":{"title":"Blog | Neurodiversit\u00e4t, ADHS & Autismus Einblicke | Neurosparkle","description":"Ein Blog \u00fcber Neurodiversit\u00e4t, ADHS, Autismus und AuDHS aus gelebter Erfahrung mit Einblicken und Reflexionen f\u00fcr Einzelpersonen, Familien und Fachpersonen.","robots":{"index":"index","follow":"follow","max-snippet":"max-snippet:-1","max-image-preview":"max-image-preview:large","max-video-preview":"max-video-preview:-1"},"canonical":"https:\/\/chantalsanmiguel.ch\/de\/blog\/","og_locale":"de_DE","og_type":"article","og_title":"Blog | Neurodiversit\u00e4t, ADHS & Autismus Einblicke | Neurosparkle","og_description":"Ein Blog \u00fcber Neurodiversit\u00e4t, ADHS, Autismus und AuDHS aus gelebter Erfahrung mit Einblicken und Reflexionen f\u00fcr Einzelpersonen, Familien und Fachpersonen.","og_url":"https:\/\/chantalsanmiguel.ch\/de\/blog\/","og_site_name":"Chantal San Miguel","article_modified_time":"2026-04-28T21:54:58+00:00","og_image":[{"width":500,"height":500,"url":"https:\/\/chantalsanmiguel.ch\/wp-content\/uploads\/2024\/11\/Neurosparkle-Picture-Logo.png","type":"image\/png"}],"twitter_card":"summary_large_image","twitter_misc":{"Gesch\u00e4tzte Lesezeit":"1\u00a0Minute"},"schema":{"@context":"https:\/\/schema.org","@graph":[{"@type":"WebPage","@id":"https:\/\/chantalsanmiguel.ch\/de\/blog\/","url":"https:\/\/chantalsanmiguel.ch\/de\/blog\/","name":"Blog | Neurodiversit\u00e4t, ADHS & Autismus Einblicke | Neurosparkle","isPartOf":{"@id":"https:\/\/chantalsanmiguel.ch\/de\/#website"},"datePublished":"2024-11-08T12:41:22+00:00","dateModified":"2026-04-28T21:54:58+00:00","description":"Ein Blog \u00fcber Neurodiversit\u00e4t, ADHS, Autismus und AuDHS aus gelebter Erfahrung mit Einblicken und Reflexionen f\u00fcr Einzelpersonen, Familien und Fachpersonen.","breadcrumb":{"@id":"https:\/\/chantalsanmiguel.ch\/de\/blog\/#breadcrumb"},"inLanguage":"de","potentialAction":[{"@type":"ReadAction","target":["https:\/\/chantalsanmiguel.ch\/de\/blog\/"]}]},{"@type":"BreadcrumbList","@id":"https:\/\/chantalsanmiguel.ch\/de\/blog\/#breadcrumb","itemListElement":[{"@type":"ListItem","position":1,"name":"Home","item":"https:\/\/chantalsanmiguel.ch\/de\/home\/"},{"@type":"ListItem","position":2,"name":"Blog"}]},{"@type":"WebSite","@id":"https:\/\/chantalsanmiguel.ch\/de\/#website","url":"https:\/\/chantalsanmiguel.ch\/de\/","name":"Chantal San Miguel","description":"Neurodiversity Coaching &amp; Mentoring","publisher":{"@id":"https:\/\/chantalsanmiguel.ch\/de\/#organization"},"potentialAction":[{"@type":"SearchAction","target":{"@type":"EntryPoint","urlTemplate":"https:\/\/chantalsanmiguel.ch\/de\/?s={search_term_string}"},"query-input":{"@type":"PropertyValueSpecification","valueRequired":true,"valueName":"search_term_string"}}],"inLanguage":"de"},{"@type":"Organization","@id":"https:\/\/chantalsanmiguel.ch\/de\/#organization","name":"Chantal San Miguel - Neurodiversity Coaching","url":"https:\/\/chantalsanmiguel.ch\/de\/","logo":{"@type":"ImageObject","inLanguage":"de","@id":"https:\/\/chantalsanmiguel.ch\/de\/#\/schema\/logo\/image\/","url":"https:\/\/chantalsanmiguel.ch\/wp-content\/uploads\/2024\/11\/Neurosparkle-Picture-Logo.png","contentUrl":"https:\/\/chantalsanmiguel.ch\/wp-content\/uploads\/2024\/11\/Neurosparkle-Picture-Logo.png","width":500,"height":500,"caption":"Chantal San Miguel - Neurodiversity Coaching"},"image":{"@id":"https:\/\/chantalsanmiguel.ch\/de\/#\/schema\/logo\/image\/"},"sameAs":["https:\/\/www.instagram.com\/neurosparkle.ch\/","https:\/\/www.linkedin.com\/in\/chantal-san-miguel-8b452411a\/"]}]}},"_links":{"self":[{"href":"https:\/\/chantalsanmiguel.ch\/de\/wp-json\/wp\/v2\/pages\/957","targetHints":{"allow":["GET"]}}],"collection":[{"href":"https:\/\/chantalsanmiguel.ch\/de\/wp-json\/wp\/v2\/pages"}],"about":[{"href":"https:\/\/chantalsanmiguel.ch\/de\/wp-json\/wp\/v2\/types\/page"}],"author":[{"embeddable":true,"href":"https:\/\/chantalsanmiguel.ch\/de\/wp-json\/wp\/v2\/users\/1"}],"replies":[{"embeddable":true,"href":"https:\/\/chantalsanmiguel.ch\/de\/wp-json\/wp\/v2\/comments?post=957"}],"version-history":[{"count":48,"href":"https:\/\/chantalsanmiguel.ch\/de\/wp-json\/wp\/v2\/pages\/957\/revisions"}],"predecessor-version":[{"id":4502,"href":"https:\/\/chantalsanmiguel.ch\/de\/wp-json\/wp\/v2\/pages\/957\/revisions\/4502"}],"wp:attachment":[{"href":"https:\/\/chantalsanmiguel.ch\/de\/wp-json\/wp\/v2\/media?parent=957"}],"wp:term":[{"taxonomy":"difl_page_category","embeddable":true,"href":"https:\/\/chantalsanmiguel.ch\/de\/wp-json\/wp\/v2\/difl_page_category?post=957"}],"curies":[{"name":"wp","href":"https:\/\/api.w.org\/{rel}","templated":true}]}}